{"id":1237,"date":"2024-03-26T15:20:46","date_gmt":"2024-03-26T18:20:46","guid":{"rendered":"https:\/\/imatec.com.br\/novo\/?page_id=1237"},"modified":"2024-04-17T14:59:07","modified_gmt":"2024-04-17T17:59:07","slug":"guarda-de-documentos","status":"publish","type":"page","link":"https:\/\/imatec.com.br\/index.php\/guarda-de-documentos\/","title":{"rendered":"GUARDA DE DOCUMENTOS"},"content":{"rendered":"\t\t<div data-elementor-type=\"wp-page\" data-elementor-id=\"1237\" class=\"elementor elementor-1237\" data-elementor-post-type=\"page\">\n\t\t\t\t<div class=\"elementor-element elementor-element-e4ad08c e-con-full e-flex e-con e-parent\" data-id=\"e4ad08c\" data-element_type=\"container\" data-settings=\"{&quot;background_background&quot;:&quot;classic&quot;}\">\n\t\t\t\t<div class=\"elementor-element elementor-element-e613c41 elementor-widget__width-inherit elementor-widget elementor-widget-image\" data-id=\"e613c41\" data-element_type=\"widget\" data-widget_type=\"image.default\">\n\t\t\t\t<div class=\"elementor-widget-container\">\n\t\t\t\t\t\t\t\t\t\t\t\t\t\t\t<img fetchpriority=\"high\" decoding=\"async\" width=\"1920\" height=\"650\" src=\"https:\/\/imatec.com.br\/wp-content\/uploads\/2024\/03\/guarda-de-documentos.png\" class=\"attachment-full size-full wp-image-1233\" alt=\"guarda de documentos\" srcset=\"https:\/\/imatec.com.br\/wp-content\/uploads\/2024\/03\/guarda-de-documentos.png 1920w, https:\/\/imatec.com.br\/wp-content\/uploads\/2024\/03\/guarda-de-documentos-300x102.png 300w, https:\/\/imatec.com.br\/wp-content\/uploads\/2024\/03\/guarda-de-documentos-1024x347.png 1024w, https:\/\/imatec.com.br\/wp-content\/uploads\/2024\/03\/guarda-de-documentos-768x260.png 768w, https:\/\/imatec.com.br\/wp-content\/uploads\/2024\/03\/guarda-de-documentos-1536x520.png 1536w\" sizes=\"(max-width: 1920px) 100vw, 1920px\" \/>\t\t\t\t\t\t\t\t\t\t\t\t\t\t\t<\/div>\n\t\t\t\t<\/div>\n\t\t\t\t<\/div>\n\t\t<div class=\"elementor-element elementor-element-9fdfd60 e-con-full e-flex e-con e-parent\" data-id=\"9fdfd60\" data-element_type=\"container\">\n\t\t<div class=\"elementor-element elementor-element-b091a97 e-con-full e-flex e-con e-child\" data-id=\"b091a97\" data-element_type=\"container\">\n\t\t<div class=\"elementor-element elementor-element-0841875 e-con-full e-flex e-con e-child\" data-id=\"0841875\" data-element_type=\"container\" data-settings=\"{&quot;background_background&quot;:&quot;classic&quot;}\">\n\t\t<div class=\"elementor-element elementor-element-5b55c5c e-con-full e-flex e-con e-child\" data-id=\"5b55c5c\" data-element_type=\"container\">\n\t\t\t\t<div class=\"elementor-element elementor-element-d200390 elementor-widget elementor-widget-image\" data-id=\"d200390\" data-element_type=\"widget\" data-widget_type=\"image.default\">\n\t\t\t\t<div class=\"elementor-widget-container\">\n\t\t\t\t\t\t\t\t\t\t\t\t\t\t\t<img decoding=\"async\" width=\"300\" height=\"350\" src=\"https:\/\/imatec.com.br\/wp-content\/uploads\/2024\/03\/5-3.png\" class=\"attachment-large size-large wp-image-1248\" alt=\"guarda de documentos\" srcset=\"https:\/\/imatec.com.br\/wp-content\/uploads\/2024\/03\/5-3.png 300w, https:\/\/imatec.com.br\/wp-content\/uploads\/2024\/03\/5-3-257x300.png 257w\" sizes=\"(max-width: 300px) 100vw, 300px\" \/>\t\t\t\t\t\t\t\t\t\t\t\t\t\t\t<\/div>\n\t\t\t\t<\/div>\n\t\t\t\t<div class=\"elementor-element elementor-element-9df08c2 elementor-widget elementor-widget-image\" data-id=\"9df08c2\" data-element_type=\"widget\" data-widget_type=\"image.default\">\n\t\t\t\t<div class=\"elementor-widget-container\">\n\t\t\t\t\t\t\t\t\t\t\t\t\t\t\t<img decoding=\"async\" width=\"300\" height=\"350\" src=\"https:\/\/imatec.com.br\/wp-content\/uploads\/2024\/03\/2-4.png\" class=\"attachment-large size-large wp-image-1247\" alt=\"guarda de documentos\" srcset=\"https:\/\/imatec.com.br\/wp-content\/uploads\/2024\/03\/2-4.png 300w, https:\/\/imatec.com.br\/wp-content\/uploads\/2024\/03\/2-4-257x300.png 257w\" sizes=\"(max-width: 300px) 100vw, 300px\" \/>\t\t\t\t\t\t\t\t\t\t\t\t\t\t\t<\/div>\n\t\t\t\t<\/div>\n\t\t\t\t<\/div>\n\t\t<div class=\"elementor-element elementor-element-40eb981 e-con-full e-flex e-con e-child\" data-id=\"40eb981\" data-element_type=\"container\">\n\t\t\t\t<div class=\"elementor-element elementor-element-1ad61d8 elementor-widget elementor-widget-heading\" data-id=\"1ad61d8\" data-element_type=\"widget\" data-widget_type=\"heading.default\">\n\t\t\t\t<div class=\"elementor-widget-container\">\n\t\t\t\t\t<h2 class=\"elementor-heading-title elementor-size-default\">Gest\u00e3o e Guarda de Documentos com a Imatec<\/h2>\t\t\t\t<\/div>\n\t\t\t\t<\/div>\n\t\t\t\t<div class=\"elementor-element elementor-element-1801e48 elementor-widget elementor-widget-text-editor\" data-id=\"1801e48\" data-element_type=\"widget\" data-widget_type=\"text-editor.default\">\n\t\t\t\t<div class=\"elementor-widget-container\">\n\t\t\t\t\t\t\t\t\t<p>A import\u00e2ncia de uma gest\u00e3o documental eficiente e segura \u00e9 ineg\u00e1vel para empresas de todos os setores, hospitais e institui\u00e7\u00f5es banc\u00e1rias.&nbsp;<\/p><p>A Imatec, com mais de 30 anos de experi\u00eancia no mercado, destaca-se como l\u00edder em solu\u00e7\u00f5es de guarda e gest\u00e3o de documentos, oferecendo uma combina\u00e7\u00e3o de seguran\u00e7a, efici\u00eancia e confidencialidade inigual\u00e1vel.<\/p>\t\t\t\t\t\t\t\t<\/div>\n\t\t\t\t<\/div>\n\t\t\t\t<\/div>\n\t\t\t\t<\/div>\n\t\t\t\t<\/div>\n\t\t\t\t<\/div>\n\t\t<div class=\"elementor-element elementor-element-f7c93ac e-con-full e-flex e-con e-parent\" data-id=\"f7c93ac\" data-element_type=\"container\">\n\t\t<div class=\"elementor-element elementor-element-1368f0d e-con-full e-flex e-con e-child\" data-id=\"1368f0d\" data-element_type=\"container\">\n\t\t<div class=\"elementor-element elementor-element-e590078 e-con-full e-flex e-con e-child\" data-id=\"e590078\" data-element_type=\"container\" data-settings=\"{&quot;background_background&quot;:&quot;classic&quot;}\">\n\t\t<div class=\"elementor-element elementor-element-29d2eca e-con-full e-flex e-con e-child\" data-id=\"29d2eca\" data-element_type=\"container\">\n\t\t\t\t<div class=\"elementor-element elementor-element-ccfa11c elementor-widget elementor-widget-text-editor\" data-id=\"ccfa11c\" data-element_type=\"widget\" data-widget_type=\"text-editor.default\">\n\t\t\t\t<div class=\"elementor-widget-container\">\n\t\t\t\t\t\t\t\t\t<ol><li><strong>Espa\u00e7o e Seguran\u00e7a:<\/strong> O desafio de manter documentos importantes preservados e seguros, ao mesmo tempo liberando espa\u00e7o f\u00edsico, \u00e9 superado com as solu\u00e7\u00f5es da Imatec. Utilizando caixas padronizadas e controladas por etiquetas de c\u00f3digo de barras, a empresa garante a organiza\u00e7\u00e3o eficiente e a r\u00e1pida localiza\u00e7\u00e3o dos documentos, armazenando-os em ambientes especiais, livres de poeira, umidade e pragas.<\/li><\/ol><p>\u00a0<\/p><ol start=\"2\"><li><strong>Tecnologia e Infraestrutura:<\/strong> A infraestrutura da Imatec inclui instala\u00e7\u00f5es de armazenamento de alto padr\u00e3o, com sistemas de preven\u00e7\u00e3o de inc\u00eandios, monitoramento 24 horas por c\u00e2meras e seguran\u00e7as treinados, al\u00e9m de data centers pr\u00f3prios para a guarda digital, garantindo redund\u00e2ncia e seguran\u00e7a dos dados. Tudo isso em locais estrategicamente escolhidos, longe de \u00e1reas de risco.<\/li><\/ol>\t\t\t\t\t\t\t\t<\/div>\n\t\t\t\t<\/div>\n\t\t\t\t<\/div>\n\t\t<div class=\"elementor-element elementor-element-8be19a8 e-con-full e-flex e-con e-child\" data-id=\"8be19a8\" data-element_type=\"container\">\n\t\t\t\t<div class=\"elementor-element elementor-element-b5e6e5e elementor-widget elementor-widget-image\" data-id=\"b5e6e5e\" data-element_type=\"widget\" data-widget_type=\"image.default\">\n\t\t\t\t<div class=\"elementor-widget-container\">\n\t\t\t\t\t\t\t\t\t\t\t\t\t\t\t<img loading=\"lazy\" decoding=\"async\" width=\"300\" height=\"350\" src=\"https:\/\/imatec.com.br\/wp-content\/uploads\/2024\/03\/4-2.png\" class=\"attachment-large size-large wp-image-1246\" alt=\"\" srcset=\"https:\/\/imatec.com.br\/wp-content\/uploads\/2024\/03\/4-2.png 300w, https:\/\/imatec.com.br\/wp-content\/uploads\/2024\/03\/4-2-257x300.png 257w\" sizes=\"(max-width: 300px) 100vw, 300px\" \/>\t\t\t\t\t\t\t\t\t\t\t\t\t\t\t<\/div>\n\t\t\t\t<\/div>\n\t\t\t\t<\/div>\n\t\t\t\t<\/div>\n\t\t\t\t<\/div>\n\t\t\t\t<\/div>\n\t\t<div class=\"elementor-element elementor-element-dbe9a3e e-con-full e-flex e-con e-parent\" data-id=\"dbe9a3e\" data-element_type=\"container\">\n\t\t<div class=\"elementor-element elementor-element-d22d297 e-con-full e-flex e-con e-child\" data-id=\"d22d297\" data-element_type=\"container\">\n\t\t\t\t<div class=\"elementor-element elementor-element-581266b elementor-widget elementor-widget-image\" data-id=\"581266b\" data-element_type=\"widget\" data-widget_type=\"image.default\">\n\t\t\t\t<div class=\"elementor-widget-container\">\n\t\t\t\t\t\t\t\t\t\t\t\t\t\t\t<img loading=\"lazy\" decoding=\"async\" width=\"300\" height=\"350\" src=\"https:\/\/imatec.com.br\/wp-content\/uploads\/2024\/03\/6-3.png\" class=\"attachment-large size-large wp-image-1249\" alt=\"guarda de documentos\" srcset=\"https:\/\/imatec.com.br\/wp-content\/uploads\/2024\/03\/6-3.png 300w, https:\/\/imatec.com.br\/wp-content\/uploads\/2024\/03\/6-3-257x300.png 257w\" sizes=\"(max-width: 300px) 100vw, 300px\" \/>\t\t\t\t\t\t\t\t\t\t\t\t\t\t\t<\/div>\n\t\t\t\t<\/div>\n\t\t\t\t<\/div>\n\t\t<div class=\"elementor-element elementor-element-26958a5 e-con-full e-flex e-con e-child\" data-id=\"26958a5\" data-element_type=\"container\">\n\t\t\t\t<div class=\"elementor-element elementor-element-f9334ab elementor-widget elementor-widget-text-editor\" data-id=\"f9334ab\" data-element_type=\"widget\" data-widget_type=\"text-editor.default\">\n\t\t\t\t<div class=\"elementor-widget-container\">\n\t\t\t\t\t\t\t\t\t<ol start=\"3\"><li><strong>Confidencialidade e Acesso Restrito:<\/strong> A seguran\u00e7a dos documentos vai al\u00e9m da prote\u00e7\u00e3o f\u00edsica e digital. A Imatec assegura a confidencialidade total, permitindo acesso apenas a pessoas autorizadas, garantindo assim a integridade e a privacidade das informa\u00e7\u00f5es.<\/li><\/ol><div>\u00a0<\/div><ol start=\"4\"><li><strong>Solu\u00e7\u00f5es Espec\u00edficas por Setor:<\/strong><\/li><\/ol><p><span style=\"color: var( --e-global-color-text ); font-family: var( --e-global-typography-text-font-family ), Sans-serif; font-size: var( --e-global-typography-text-font-size ); font-weight: var( --e-global-typography-text-font-weight ); text-align: var(--text-align);\"><strong><span style=\"text-decoration: underline;\"><em><a href=\"https:\/\/imatec.com.br\/index.php\/2024\/03\/30\/revolucionando-a-gestao-de-documentos-na-saude\/\">Hospitais<\/a><\/em><\/span><span style=\"text-decoration: underline;\"><em>:<\/em><\/span><\/strong>A guarda de prontu\u00e1rios m\u00e9dicos \u00e9 tratada com a m\u00e1xima\u00a0 aten\u00e7\u00e3o, garantindo a confidencialidade, rastreabilidade e acessibilidade das informa\u00e7\u00f5es, essenciais para o bom funcionamento dos servi\u00e7os de sa\u00fade.<\/span><\/p><p><span style=\"text-decoration: underline;\"><em><strong>Bancos:<\/strong> <\/em><\/span>Documentos financeiros requerem um alto n\u00edvel de seguran\u00e7a e organiza\u00e7\u00e3o. A Imatec oferece solu\u00e7\u00f5es que otimizam espa\u00e7o, reduzem custos e aumentam a efici\u00eancia na busca de informa\u00e7\u00f5es.<\/p><p><span style=\"text-decoration: underline;\"><em><strong>Empresas:<\/strong><\/em><\/span> A digitaliza\u00e7\u00e3o e guarda de documentos corporativos liberam espa\u00e7o f\u00edsico, diminuem o risco de perda de informa\u00e7\u00f5es importantes e aumentam a produtividade ao facilitar o acesso a documentos.<\/p><p><span style=\"text-decoration: underline;\"><em><strong>Faculdades, RH de Empresas, Escrit\u00f3rios de Advocacia, Transportadoras, etc<\/strong><\/em><\/span><\/p><ol start=\"5\"><li><strong>Transporte Seguro:<\/strong> Reconhecendo a import\u00e2ncia vital dos documentos, a Imatec tamb\u00e9m se destaca no transporte seguro e eficiente dos mesmos, utilizando frotas pr\u00f3prias e profissionais altamente qualificados.<\/li><\/ol>\t\t\t\t\t\t\t\t<\/div>\n\t\t\t\t<\/div>\n\t\t\t\t<\/div>\n\t\t\t\t<\/div>\n\t\t<div class=\"elementor-element elementor-element-66d947e e-con-full e-flex e-con e-parent\" data-id=\"66d947e\" data-element_type=\"container\">\n\t\t\t\t<div class=\"elementor-element elementor-element-b411ab8 elementor-widget elementor-widget-text-editor\" data-id=\"b411ab8\" data-element_type=\"widget\" data-widget_type=\"text-editor.default\">\n\t\t\t\t<div class=\"elementor-widget-container\">\n\t\t\t\t\t\t\t\t\t<p>A Imatec se compromete n\u00e3o apenas em armazenar documentos, mas em proteger verdadeiros ativos empresariais, oferecendo solu\u00e7\u00f5es personalizadas para atender \u00e0s diversas necessidades de seus clientes.<\/p>\n<p>Com uma abordagem que integra seguran\u00e7a f\u00edsica e digital, infraestrutura avan\u00e7ada e um compromisso inabal\u00e1vel com a confidencialidade, a Imatec representa uma escolha confi\u00e1vel e eficiente para a gest\u00e3o e guarda de documentos essenciais.<\/p>\t\t\t\t\t\t\t\t<\/div>\n\t\t\t\t<\/div>\n\t\t\t\t<\/div>\n\t\t<div class=\"elementor-element elementor-element-0dd1d08 e-flex e-con-boxed e-con e-parent\" data-id=\"0dd1d08\" data-element_type=\"container\">\n\t\t\t\t\t<div class=\"e-con-inner\">\n\t\t\t\t<div class=\"elementor-element elementor-element-4d0bf58 elementor-align-center elementor-widget elementor-widget-button\" data-id=\"4d0bf58\" data-element_type=\"widget\" data-widget_type=\"button.default\">\n\t\t\t\t<div class=\"elementor-widget-container\">\n\t\t\t\t\t\t\t\t\t<div class=\"elementor-button-wrapper\">\n\t\t\t\t\t<a class=\"elementor-button elementor-button-link elementor-size-sm\" href=\"https:\/\/imatec.com.br\/index.php\/contato\/\">\n\t\t\t\t\t\t<span class=\"elementor-button-content-wrapper\">\n\t\t\t\t\t\t\t\t\t<span class=\"elementor-button-text\">SAIBA MAIS<\/span>\n\t\t\t\t\t<\/span>\n\t\t\t\t\t<\/a>\n\t\t\t\t<\/div>\n\t\t\t\t\t\t\t\t<\/div>\n\t\t\t\t<\/div>\n\t\t\t\t\t<\/div>\n\t\t\t\t<\/div>\n\t\t<div class=\"elementor-element elementor-element-5567cd0 e-flex e-con-boxed e-con e-parent\" data-id=\"5567cd0\" data-element_type=\"container\">\n\t\t\t\t\t<div class=\"e-con-inner\">\n\t\t<div class=\"elementor-element elementor-element-7f7b2cb e-con-full e-flex e-con e-child\" data-id=\"7f7b2cb\" data-element_type=\"container\">\n\t\t\t\t<div class=\"elementor-element elementor-element-3833246 elementor-widget elementor-widget-heading\" data-id=\"3833246\" data-element_type=\"widget\" data-widget_type=\"heading.default\">\n\t\t\t\t<div class=\"elementor-widget-container\">\n\t\t\t\t\t<h2 class=\"elementor-heading-title elementor-size-default\">VEJA TAMB\u00c9M:<\/h2>\t\t\t\t<\/div>\n\t\t\t\t<\/div>\n\t\t\t\t<\/div>\n\t\t\t\t\t<\/div>\n\t\t\t\t<\/div>\n\t\t<div class=\"elementor-element elementor-element-9d79afb e-flex e-con-boxed e-con e-parent\" data-id=\"9d79afb\" data-element_type=\"container\">\n\t\t\t\t\t<div class=\"e-con-inner\">\n\t\t<div class=\"elementor-element elementor-element-052cc2a e-con-full e-flex e-con e-child\" data-id=\"052cc2a\" data-element_type=\"container\">\n\t\t\t\t<div class=\"elementor-element elementor-element-d4cad63 elementor-grid-tablet-3 elementor-grid-3 elementor-grid-mobile-1 elementor-posts--thumbnail-top elementor-card-shadow-yes elementor-posts__hover-gradient elementor-widget elementor-widget-posts\" data-id=\"d4cad63\" data-element_type=\"widget\" data-settings=\"{&quot;cards_columns_tablet&quot;:&quot;3&quot;,&quot;pagination_type&quot;:&quot;numbers_and_prev_next&quot;,&quot;cards_columns&quot;:&quot;3&quot;,&quot;cards_columns_mobile&quot;:&quot;1&quot;,&quot;cards_row_gap&quot;:{&quot;unit&quot;:&quot;px&quot;,&quot;size&quot;:35,&quot;sizes&quot;:[]},&quot;cards_row_gap_tablet&quot;:{&quot;unit&quot;:&quot;px&quot;,&quot;size&quot;:&quot;&quot;,&quot;sizes&quot;:[]},&quot;cards_row_gap_mobile&quot;:{&quot;unit&quot;:&quot;px&quot;,&quot;size&quot;:&quot;&quot;,&quot;sizes&quot;:[]}}\" data-widget_type=\"posts.cards\">\n\t\t\t\t<div class=\"elementor-widget-container\">\n\t\t\t\t\t\t\t<div class=\"elementor-posts-container elementor-posts elementor-posts--skin-cards elementor-grid\">\n\t\t\t\t<article class=\"elementor-post elementor-grid-item post-1829 post type-post status-publish format-standard has-post-thumbnail hentry category-hospitais\">\n\t\t\t<div class=\"elementor-post__card\">\n\t\t\t\t<a class=\"elementor-post__thumbnail__link\" href=\"https:\/\/imatec.com.br\/index.php\/2024\/03\/30\/revolucionando-a-gestao-de-documentos-na-saude\/\" tabindex=\"-1\" ><div class=\"elementor-post__thumbnail\"><img loading=\"lazy\" decoding=\"async\" width=\"600\" height=\"300\" src=\"https:\/\/imatec.com.br\/wp-content\/uploads\/2024\/03\/hospital.png\" class=\"attachment-full size-full wp-image-1830\" alt=\"hospital\" srcset=\"https:\/\/imatec.com.br\/wp-content\/uploads\/2024\/03\/hospital.png 600w, https:\/\/imatec.com.br\/wp-content\/uploads\/2024\/03\/hospital-300x150.png 300w\" sizes=\"(max-width: 600px) 100vw, 600px\" \/><\/div><\/a>\n\t\t\t\t<div class=\"elementor-post__badge\">HOSPITAIS<\/div>\n\t\t\t\t<div class=\"elementor-post__text\">\n\t\t\t\t<h3 class=\"elementor-post__title\">\n\t\t\t<a href=\"https:\/\/imatec.com.br\/index.php\/2024\/03\/30\/revolucionando-a-gestao-de-documentos-na-saude\/\" >\n\t\t\t\tREVOLUCIONANDO A GEST\u00c3O DE DOCUMENTOS NA SA\u00daDE\t\t\t<\/a>\n\t\t<\/h3>\n\t\t\t\t<div class=\"elementor-post__excerpt\">\n\t\t\t<p>No cen\u00e1rio em constante evolu\u00e7\u00e3o da tecnologia, a digitaliza\u00e7\u00e3o e o armazenamento de documentos se destacam como passos fundamentais. Explore como a IMATEC se destaca<\/p>\n\t\t<\/div>\n\t\t\n\t\t<a class=\"elementor-post__read-more\" href=\"https:\/\/imatec.com.br\/index.php\/2024\/03\/30\/revolucionando-a-gestao-de-documentos-na-saude\/\" aria-label=\"Leia mais sobre REVOLUCIONANDO A GEST\u00c3O DE DOCUMENTOS NA SA\u00daDE\" tabindex=\"-1\" >\n\t\t\tLeia mais \u00bb\t\t<\/a>\n\n\t\t\t\t<\/div>\n\t\t\t\t\t<\/div>\n\t\t<\/article>\n\t\t\t\t<article class=\"elementor-post elementor-grid-item post-1805 post type-post status-publish format-standard has-post-thumbnail hentry category-escritotios-de-advocacia\">\n\t\t\t<div class=\"elementor-post__card\">\n\t\t\t\t<a class=\"elementor-post__thumbnail__link\" href=\"https:\/\/imatec.com.br\/index.php\/2024\/03\/30\/transformando-a-gestao-documental-de-advocacia\/\" tabindex=\"-1\" ><div class=\"elementor-post__thumbnail\"><img loading=\"lazy\" decoding=\"async\" width=\"600\" height=\"300\" src=\"https:\/\/imatec.com.br\/wp-content\/uploads\/2024\/03\/escritorio-de-advocacia.png\" class=\"attachment-full size-full wp-image-1807\" alt=\"\" srcset=\"https:\/\/imatec.com.br\/wp-content\/uploads\/2024\/03\/escritorio-de-advocacia.png 600w, https:\/\/imatec.com.br\/wp-content\/uploads\/2024\/03\/escritorio-de-advocacia-300x150.png 300w\" sizes=\"(max-width: 600px) 100vw, 600px\" \/><\/div><\/a>\n\t\t\t\t<div class=\"elementor-post__badge\">ESCRIT\u00d3TIOS DE ADVOCACIA<\/div>\n\t\t\t\t<div class=\"elementor-post__text\">\n\t\t\t\t<h3 class=\"elementor-post__title\">\n\t\t\t<a href=\"https:\/\/imatec.com.br\/index.php\/2024\/03\/30\/transformando-a-gestao-documental-de-advocacia\/\" >\n\t\t\t\tTRANSFORMANDO A GEST\u00c3O DOCUMENTAL DE ADVOCACIA\t\t\t<\/a>\n\t\t<\/h3>\n\t\t\t\t<div class=\"elementor-post__excerpt\">\n\t\t\t<p>No universo complexo do direito, onde cada detalhe importa, a gest\u00e3o documental \u00e9 uma pe\u00e7a fundamental para o sucesso dos escrit\u00f3rios de advocacia. Reconhecendo essa<\/p>\n\t\t<\/div>\n\t\t\n\t\t<a class=\"elementor-post__read-more\" href=\"https:\/\/imatec.com.br\/index.php\/2024\/03\/30\/transformando-a-gestao-documental-de-advocacia\/\" aria-label=\"Leia mais sobre TRANSFORMANDO A GEST\u00c3O DOCUMENTAL DE ADVOCACIA\" tabindex=\"-1\" >\n\t\t\tLeia mais \u00bb\t\t<\/a>\n\n\t\t\t\t<\/div>\n\t\t\t\t\t<\/div>\n\t\t<\/article>\n\t\t\t\t<article class=\"elementor-post elementor-grid-item post-503 post type-post status-publish format-standard has-post-thumbnail hentry category-ged\">\n\t\t\t<div class=\"elementor-post__card\">\n\t\t\t\t<a class=\"elementor-post__thumbnail__link\" href=\"https:\/\/imatec.com.br\/index.php\/2024\/03\/20\/5-dicas-para-cortar-custos-com-gerenciamento-de-documentos\/\" tabindex=\"-1\" ><div class=\"elementor-post__thumbnail\"><img loading=\"lazy\" decoding=\"async\" width=\"600\" height=\"300\" src=\"https:\/\/imatec.com.br\/wp-content\/uploads\/2024\/03\/1-6.png\" class=\"attachment-full size-full wp-image-1196\" alt=\"\" srcset=\"https:\/\/imatec.com.br\/wp-content\/uploads\/2024\/03\/1-6.png 600w, https:\/\/imatec.com.br\/wp-content\/uploads\/2024\/03\/1-6-300x150.png 300w\" sizes=\"(max-width: 600px) 100vw, 600px\" \/><\/div><\/a>\n\t\t\t\t<div class=\"elementor-post__badge\">GED<\/div>\n\t\t\t\t<div class=\"elementor-post__text\">\n\t\t\t\t<h3 class=\"elementor-post__title\">\n\t\t\t<a href=\"https:\/\/imatec.com.br\/index.php\/2024\/03\/20\/5-dicas-para-cortar-custos-com-gerenciamento-de-documentos\/\" >\n\t\t\t\t5 Dicas para Cortar Custos com <br>Gerenciamento de Documentos\t\t\t<\/a>\n\t\t<\/h3>\n\t\t\t\t<div class=\"elementor-post__excerpt\">\n\t\t\t<p>Em muitas empresas, \u00e9 comum encontrar pilhas de pap\u00e9is e documentos ocupando espa\u00e7os preciosos que poderiam ser utilizados de forma mais eficiente. Felizmente, existem estrat\u00e9gias<\/p>\n\t\t<\/div>\n\t\t\n\t\t<a class=\"elementor-post__read-more\" href=\"https:\/\/imatec.com.br\/index.php\/2024\/03\/20\/5-dicas-para-cortar-custos-com-gerenciamento-de-documentos\/\" aria-label=\"Leia mais sobre 5 Dicas para Cortar Custos com &lt;br&gt;Gerenciamento de Documentos\" tabindex=\"-1\" >\n\t\t\tLeia mais \u00bb\t\t<\/a>\n\n\t\t\t\t<\/div>\n\t\t\t\t\t<\/div>\n\t\t<\/article>\n\t\t\t\t<\/div>\n\t\t\n\t\t\t\t<div class=\"e-load-more-anchor\" data-page=\"1\" data-max-page=\"3\" data-next-page=\"https:\/\/imatec.com.br\/index.php\/wp-json\/wp\/v2\/pages\/1237\/page\/2\/\"><\/div>\n\t\t\t\t<nav class=\"elementor-pagination\" aria-label=\"Pagina\u00e7\u00e3o\">\n\t\t\t<span class=\"page-numbers prev\">&laquo; Anterior<\/span>\n<span aria-current=\"page\" class=\"page-numbers current\"><span class=\"elementor-screen-only\">P\u00e1gina<\/span>1<\/span>\n<a class=\"page-numbers\" href=\"https:\/\/imatec.com.br\/index.php\/wp-json\/wp\/v2\/pages\/1237\/page\/2\/\"><span class=\"elementor-screen-only\">P\u00e1gina<\/span>2<\/a>\n<a class=\"page-numbers\" href=\"https:\/\/imatec.com.br\/index.php\/wp-json\/wp\/v2\/pages\/1237\/page\/3\/\"><span class=\"elementor-screen-only\">P\u00e1gina<\/span>3<\/a>\n<a class=\"page-numbers next\" href=\"https:\/\/imatec.com.br\/index.php\/wp-json\/wp\/v2\/pages\/1237\/page\/2\/\">Seguinte &raquo;<\/a>\t\t<\/nav>\n\t\t\t\t\t\t<\/div>\n\t\t\t\t<\/div>\n\t\t\t\t<\/div>\n\t\t\t\t\t<\/div>\n\t\t\t\t<\/div>\n\t\t\t\t<\/div>\n\t\t","protected":false},"excerpt":{"rendered":"<p>A gest\u00e3o documental \u00e9 um aspecto cr\u00edtico para empresas de todos os setores. A Imatec, com mais de 30 anos de experi\u00eancia, oferece solu\u00e7\u00f5es abrangentes de guarda e gest\u00e3o de documentos, garantindo efici\u00eancia, seguran\u00e7a e confidencialidade em todos os processos.<\/p>\n","protected":false},"author":1,"featured_media":0,"parent":0,"menu_order":0,"comment_status":"closed","ping_status":"closed","template":"elementor_header_footer","meta":{"footnotes":""},"class_list":["post-1237","page","type-page","status-publish","hentry"],"_links":{"self":[{"href":"https:\/\/imatec.com.br\/index.php\/wp-json\/wp\/v2\/pages\/1237","targetHints":{"allow":["GET"]}}],"collection":[{"href":"https:\/\/imatec.com.br\/index.php\/wp-json\/wp\/v2\/pages"}],"about":[{"href":"https:\/\/imatec.com.br\/index.php\/wp-json\/wp\/v2\/types\/page"}],"author":[{"embeddable":true,"href":"https:\/\/imatec.com.br\/index.php\/wp-json\/wp\/v2\/users\/1"}],"replies":[{"embeddable":true,"href":"https:\/\/imatec.com.br\/index.php\/wp-json\/wp\/v2\/comments?post=1237"}],"version-history":[{"count":25,"href":"https:\/\/imatec.com.br\/index.php\/wp-json\/wp\/v2\/pages\/1237\/revisions"}],"predecessor-version":[{"id":2700,"href":"https:\/\/imatec.com.br\/index.php\/wp-json\/wp\/v2\/pages\/1237\/revisions\/2700"}],"wp:attachment":[{"href":"https:\/\/imatec.com.br\/index.php\/wp-json\/wp\/v2\/media?parent=1237"}],"curies":[{"name":"wp","href":"https:\/\/api.w.org\/{rel}","templated":true}]}}